{"id":4652,"date":"2021-02-18T13:06:19","date_gmt":"2021-02-18T11:06:19","guid":{"rendered":"https:\/\/www.jan-collezione.com\/?page_id=4652"},"modified":"2021-05-12T21:09:44","modified_gmt":"2021-05-12T19:09:44","slug":"sostenibilidad","status":"publish","type":"page","link":"https:\/\/www.jan-collezione.com\/en\/sostenibilidad\/","title":{"rendered":"Sustainability"},"content":{"rendered":"<p>[et_pb_section fb_built=&#8221;1&#8243; fullwidth=&#8221;on&#8221; _builder_version=&#8221;4.6.5&#8243; _module_preset=&#8221;default&#8221;][et_pb_fullwidth_header title=&#8221;@ET-DC@eyJkeW5hbWljIjp0cnVlLCJjb250ZW50IjoicG9zdF90aXRsZSIsInNldHRpbmdzIjp7ImJlZm9yZSI6IiIsImFmdGVyIjoiIn19@&#8221; subhead=&#8221;T\u00fa reforestas el planeta&#8221; title_tablet=&#8221;@ET-DC@eyJkeW5hbWljIjp0cnVlLCJjb250ZW50IjoicG9zdF90aXRsZSIsInNldHRpbmdzIjp7ImJlZm9yZSI6IiIsImFmdGVyIjoiIn19@&#8221; title_phone=&#8221;@ET-DC@eyJkeW5hbWljIjp0cnVlLCJjb250ZW50IjoicG9zdF90aXRsZSIsInNldHRpbmdzIjp7ImJlZm9yZSI6IiIsImFmdGVyIjoiIn19@&#8221; title_last_edited=&#8221;on|desktop&#8221; _builder_version=&#8221;4.9.0&#8243; _dynamic_attributes=&#8221;title,title_tablet,title_phone&#8221; _module_preset=&#8221;default&#8221; title_font=&#8221;||||||||&#8221; subhead_font=&#8221;||||||||&#8221; subhead_text_color=&#8221;#7CDA24&#8243; subhead_font_size=&#8221;40px&#8221; background_color=&#8221;rgba(0,0,0,0.7)&#8221; background_image=&#8221;https:\/\/www.jan-collezione.com\/wp-content\/uploads\/2021\/02\/sostenibilidad-1080&#215;566-img-web-op.jpg&#8221; background_blend=&#8221;multiply&#8221;][\/et_pb_fullwidth_header][\/et_pb_section][et_pb_section fb_built=&#8221;1&#8243; admin_label=&#8221;Seccion&#8221; _builder_version=&#8221;4.6.5&#8243; _module_preset=&#8221;default&#8221; custom_padding=&#8221;0px||0px||false|false&#8221;][et_pb_row column_structure=&#8221;1_3,2_3&#8243; use_custom_gutter=&#8221;on&#8221; gutter_width=&#8221;2&#8243; admin_label=&#8221;Nosotros&#8221; _builder_version=&#8221;4.9.0&#8243; _module_preset=&#8221;default&#8221; width=&#8221;90%&#8221; max_width=&#8221;2560px&#8221; custom_padding=&#8221;||0px||false|false&#8221;][et_pb_column type=&#8221;1_3&#8243; _builder_version=&#8221;4.6.3&#8243; _module_preset=&#8221;default&#8221;][et_pb_image src=&#8221;https:\/\/www.jan-collezione.com\/wp-content\/uploads\/2021\/03\/Img-Sostenibilidad-1-4-800x800px-1.jpg&#8221; title_text=&#8221;Img-Sostenibilidad-1-4-800x800px&#8221; align=&#8221;center&#8221; _builder_version=&#8221;4.9.0&#8243; _module_preset=&#8221;default&#8221; width_tablet=&#8221;&#8221; width_phone=&#8221;70%&#8221; width_last_edited=&#8221;on|phone&#8221;][\/et_pb_image][\/et_pb_column][et_pb_column type=&#8221;2_3&#8243; _builder_version=&#8221;4.6.3&#8243; _module_preset=&#8221;default&#8221;][et_pb_text _builder_version=&#8221;4.9.0&#8243; _module_preset=&#8221;default&#8221; text_font_size=&#8221;17px&#8221; text_letter_spacing=&#8221;1px&#8221;]<\/p>\n<h1>Us<\/h1>\n<p>&nbsp;<\/p>\n<p>At <a href=\"https:\/\/www.jan-collezione.com\/en\/about\/#piensa_organico\"><strong>Jan Collezione<\/strong><\/a> we offer design, quality\u00a0and\u00a0innovation at reasonable prices.\u00a0But we are also aware that the advance of global warming is unstoppable, and its consequences are unpredictable.<\/p>\n<p>That is why\u00a0we\u00a0want to do our bit and be sustainable, offset the <strong>CO2<\/strong> emissions that we generate when shipping to our customers and at the same time involve you in the process.<\/p>\n<p>Without costing you anything with each item you buy in Jan, you will plant a tree. You will receive an email from our partner\u00a0Tree-Nation, an <a href=\"https:\/\/tree-nation.com\"><strong>NGO<\/strong><\/a> dedicated to fight climate change, which includes the plantation certificate and more information about reforestation projects which Jan\u00a0Collezione\u00a0supports.<\/p>\n<p>[\/et_pb_text][\/et_pb_column][\/et_pb_row][et_pb_row column_structure=&#8221;2_3,1_3&#8243; use_custom_gutter=&#8221;on&#8221; gutter_width=&#8221;2&#8243; admin_label=&#8221;Tree-Nation&#8221; _builder_version=&#8221;4.9.0&#8243; _module_preset=&#8221;default&#8221; width=&#8221;90%&#8221; max_width=&#8221;2560px&#8221; custom_padding=&#8221;||0px||false|false&#8221;][et_pb_column type=&#8221;2_3&#8243; _builder_version=&#8221;4.6.3&#8243; _module_preset=&#8221;default&#8221;][et_pb_text _builder_version=&#8221;4.9.0&#8243; _module_preset=&#8221;default&#8221; text_font_size=&#8221;17px&#8221; text_letter_spacing=&#8221;1px&#8221;]<\/p>\n<h1>Our partners<\/h1>\n<p>&nbsp;<\/p>\n<p><a href=\"https:\/\/tree-nation.com\"><img data-recalc-dims=\"1\" loading=\"lazy\" decoding=\"async\" class=\"wp-image-5649 alignnone size-medium\" src=\"https:\/\/i0.wp.com\/www.jan-collezione.com\/wp-content\/uploads\/2021\/02\/Tree-Nation_Logo-300px.png?resize=200%2C38&#038;ssl=1\" alt=\"\" width=\"200\" height=\"38\" srcset=\"https:\/\/i0.wp.com\/www.jan-collezione.com\/wp-content\/uploads\/2021\/02\/Tree-Nation_Logo-300px.png?resize=300%2C57&amp;ssl=1 300w, https:\/\/i0.wp.com\/www.jan-collezione.com\/wp-content\/uploads\/2021\/02\/Tree-Nation_Logo-300px.png?resize=16%2C3&amp;ssl=1 16w, https:\/\/i0.wp.com\/www.jan-collezione.com\/wp-content\/uploads\/2021\/02\/Tree-Nation_Logo-300px.png?w=400&amp;ssl=1 400w\" sizes=\"(max-width: 200px) 100vw, 200px\" \/><\/a><\/p>\n<p><a href=\"https:\/\/tree-nation.com\"><strong>Tree-Nation<\/strong><\/a>, is an\u00a0NGO,\u00a0dedicated to fight climate change with four important projects in Nicaragua, Colombia, Niger and Madagascar and with the help of more than 110.000 people and 1.000 committed companies.\u00a0We believe that this organization can have a significant impact on a global scale.<\/p>\n<p><b>We are currently supporting the Madagascar \/ Nicaragua project<\/b><\/p>\n<p>Almost 50% of the world's forests have been cut down, leaving the land barren and needy communities affected by poverty.\u00a0When you support our reforestation project in <a href=\"https:\/\/tree-nation.com\/projects\/eden-reforestation-madagascar\/updates\">Madagascar<\/a>, you help restore forests and alleviate extreme poverty.<\/p>\n<p>Your contribution will help plant trees and provide a fair wage to people living in extreme poverty.\u00a0Through stable employment, people in these communities can pay for daily necessities such as food, shelter, clothing, and medicine.<\/p>\n<p>All information about the project: <a href=\"https:\/\/tree-nation.com\/projects\/eden-reforestation-madagascar\/updates\"><strong>Madagascar<\/strong><\/a>.<\/p>\n<p>[\/et_pb_text][\/et_pb_column][et_pb_column type=&#8221;1_3&#8243; _builder_version=&#8221;4.6.3&#8243; _module_preset=&#8221;default&#8221;][et_pb_image src=&#8221;https:\/\/www.jan-collezione.com\/wp-content\/uploads\/2021\/03\/img-op-sostenibilidad-2-800x800px.jpg&#8221; title_text=&#8221;img-op-sostenibilidad-2-800x800px&#8221; align=&#8221;center&#8221; _builder_version=&#8221;4.9.0&#8243; _module_preset=&#8221;default&#8221; width_tablet=&#8221;&#8221; width_phone=&#8221;70%&#8221; width_last_edited=&#8221;on|phone&#8221;][\/et_pb_image][\/et_pb_column][\/et_pb_row][et_pb_row column_structure=&#8221;1_4,1_4,1_2&#8243; use_custom_gutter=&#8221;on&#8221; gutter_width=&#8221;2&#8243; disabled_on=&#8221;on|on|on&#8221; admin_label=&#8221;C\u00f3mo funciona&#8221; _builder_version=&#8221;4.9.0&#8243; _module_preset=&#8221;default&#8221; width=&#8221;90%&#8221; max_width=&#8221;2560px&#8221; disabled=&#8221;on&#8221;][et_pb_column type=&#8221;1_4&#8243; _builder_version=&#8221;4.6.3&#8243; _module_preset=&#8221;default&#8221;][et_pb_code disabled_on=&#8221;on|on|on&#8221; _builder_version=&#8221;4.9.0&#8243; _module_preset=&#8221;default&#8221; disabled=&#8221;on&#8221;]<\/p>\n<div id=\"tree-nation-calculator-family\"><\/div>\n<p><!-- [et_pb_line_break_holder] --><script>TreeNationCalculatorFamilyMembers({lang: 'es'}).render('#tree-nation-calculator-family');<\/script>[\/et_pb_code][\/et_pb_column][et_pb_column type=&#8221;1_4&#8243; _builder_version=&#8221;4.6.3&#8243; _module_preset=&#8221;default&#8221;][et_pb_code disabled_on=&#8221;on|on|on&#8221; _builder_version=&#8221;4.9.0&#8243; _module_preset=&#8221;default&#8221; disabled=&#8221;on&#8221;]<\/p>\n<div id=\"tree-nation-calculator-team\"><\/div>\n<p><!-- [et_pb_line_break_holder] --><script>TreeNationCalculatorTeamMember({lang: 'es'}).render('#tree-nation-calculator-team');<\/script><!-- [et_pb_line_break_holder] -->[\/et_pb_code][\/et_pb_column][et_pb_column type=&#8221;1_2&#8243; _builder_version=&#8221;4.6.3&#8243; _module_preset=&#8221;default&#8221;][\/et_pb_column][\/et_pb_row][\/et_pb_section][et_pb_section fb_built=&#8221;1&#8243; admin_label=&#8221;C\u00f3mo funciona&#8221; module_id=&#8221;como_funciona&#8221; _builder_version=&#8221;4.9.0&#8243; _module_preset=&#8221;default&#8221; custom_margin=&#8221;0px||0px||false|false&#8221; custom_padding=&#8221;0px||0px||true|false&#8221;][et_pb_row column_structure=&#8221;1_3,2_3&#8243; _builder_version=&#8221;4.9.0&#8243; _module_preset=&#8221;default&#8221; width=&#8221;90%&#8221; max_width=&#8221;none&#8221; custom_padding=&#8221;||0px||false|false&#8221;][et_pb_column type=&#8221;1_3&#8243; _builder_version=&#8221;4.9.0&#8243; _module_preset=&#8221;default&#8221;][et_pb_image src=&#8221;https:\/\/www.jan-collezione.com\/wp-content\/uploads\/2020\/09\/Telf-Esp-tree-nation.jpg&#8221; title_text=&#8221;Telf-Esp-tree-nation&#8221; align=&#8221;center&#8221; _builder_version=&#8221;4.9.0&#8243; _module_preset=&#8221;default&#8221; width=&#8221;45%&#8221; module_alignment=&#8221;center&#8221;][\/et_pb_image][\/et_pb_column][et_pb_column type=&#8221;2_3&#8243; _builder_version=&#8221;4.9.0&#8243; _module_preset=&#8221;default&#8221;][et_pb_text admin_label=&#8221;Cuando hayas&#8230;&#8221; _builder_version=&#8221;4.9.0&#8243; _module_preset=&#8221;default&#8221; text_font_size=&#8221;17px&#8221; text_letter_spacing=&#8221;1px&#8221;]<\/p>\n<h1>How does it work<\/h1>\n<p>&nbsp;<\/p>\n<p><span style=\"font-size: 25px; color: #b60042;\">a\u00b7 <\/span>When you have made the purchase in our store, and have finished the order, you\u00a0will\u00a0first\u00a0receive an email from us confirming your purchased product.\u00a0You will then receive another separate email with the subject: Jan\u00a0Collezione\u00a0offered you a tree (for example 6 organic t-shirts = 6 trees). Check your Spam folder if you didn\u2019t get it.<br \/>The email will contain a link that will take you to our tree nation page where you can plant your tree.<\/p>\n<p>[\/et_pb_text][\/et_pb_column][\/et_pb_row][et_pb_row column_structure=&#8221;1_3,2_3&#8243; _builder_version=&#8221;4.9.0&#8243; _module_preset=&#8221;default&#8221; width=&#8221;90%&#8221; max_width=&#8221;none&#8221; custom_padding=&#8221;||0px||false|false&#8221;][et_pb_column type=&#8221;1_3&#8243; _builder_version=&#8221;4.9.0&#8243; _module_preset=&#8221;default&#8221;][et_pb_image src=&#8221;https:\/\/www.jan-collezione.com\/wp-content\/uploads\/2021\/03\/el-arbol-tree-nation.jpg&#8221; title_text=&#8221;el-arbol-tree-nation&#8221; url=&#8221;https:\/\/tree-nation.com\/profile\/gisbi-trendy&#8221; url_new_window=&#8221;on&#8221; align=&#8221;center&#8221; _builder_version=&#8221;4.9.0&#8243; _module_preset=&#8221;default&#8221; width=&#8221;70%&#8221;][\/et_pb_image][\/et_pb_column][et_pb_column type=&#8221;2_3&#8243; _builder_version=&#8221;4.9.0&#8243; _module_preset=&#8221;default&#8221;][et_pb_text admin_label=&#8221;En cuanto&#8230;&#8221; _builder_version=&#8221;4.9.0&#8243; _module_preset=&#8221;default&#8221; text_font_size=&#8221;17px&#8221; text_letter_spacing=&#8221;1px&#8221;]<\/p>\n<p><span style=\"font-size: 25px; color: #b60042;\">b\u00b7 <\/span>As soon as you have planted your tree, you will see a page like this one, with all the information about the tree you have planted.<\/p>\n<p>[\/et_pb_text][\/et_pb_column][\/et_pb_row][et_pb_row column_structure=&#8221;1_3,2_3&#8243; _builder_version=&#8221;4.9.0&#8243; _module_preset=&#8221;default&#8221; width=&#8221;90%&#8221; max_width=&#8221;none&#8221; custom_padding=&#8221;||0px||false|false&#8221;][et_pb_column type=&#8221;1_3&#8243; _builder_version=&#8221;4.9.0&#8243; _module_preset=&#8221;default&#8221;][et_pb_image src=&#8221;https:\/\/www.jan-collezione.com\/wp-content\/uploads\/2021\/03\/Certif-tree-nation.jpg&#8221; title_text=&#8221;Certif-tree-nation&#8221; align=&#8221;center&#8221; _builder_version=&#8221;4.9.0&#8243; _module_preset=&#8221;default&#8221; width=&#8221;70%&#8221;][\/et_pb_image][\/et_pb_column][et_pb_column type=&#8221;2_3&#8243; _builder_version=&#8221;4.9.0&#8243; _module_preset=&#8221;default&#8221;][et_pb_text admin_label=&#8221;Puedes descargarte&#8230;&#8221; _builder_version=&#8221;4.9.0&#8243; _module_preset=&#8221;default&#8221; text_font_size=&#8221;17px&#8221; text_letter_spacing=&#8221;1px&#8221;]<\/p>\n<p><span style=\"font-size: 25px; color: #b60042;\">c\u00b7 <\/span><strong>You can download the certificate, it is signed by the person in charge of the plantation and contains all the relevant information about the tree:\u00a0the species, the location, information about the plantation project, the CO2 compensation values \u200b\u200band more!. <\/strong><\/p>\n<p>[\/et_pb_text][\/et_pb_column][\/et_pb_row][et_pb_row _builder_version=&#8221;4.9.0&#8243; _module_preset=&#8221;default&#8221;][et_pb_column type=&#8221;4_4&#8243; _builder_version=&#8221;4.9.0&#8243; _module_preset=&#8221;default&#8221;][et_pb_image src=&#8221;https:\/\/www.jan-collezione.com\/wp-content\/uploads\/2021\/03\/Mapa-tree-nation.jpg&#8221; title_text=&#8221;Mapa-tree-nation&#8221; url=&#8221;https:\/\/tree-nation.com\/projects\/eden-reforestation-madagascar\/updates&#8221; url_new_window=&#8221;on&#8221; admin_label=&#8221;Imagen Mapa&#8221; _builder_version=&#8221;4.9.4&#8243; _module_preset=&#8221;default&#8221;][\/et_pb_image][\/et_pb_column][\/et_pb_row][\/et_pb_section][et_pb_section fb_built=&#8221;1&#8243; _builder_version=&#8221;4.9.0&#8243; _module_preset=&#8221;default&#8221; custom_padding=&#8221;0px||0px||true|false&#8221;][et_pb_row use_custom_gutter=&#8221;on&#8221; gutter_width=&#8221;2&#8243; admin_label=&#8221;Nuestro Bosque&#8221; _builder_version=&#8221;4.9.0&#8243; _module_preset=&#8221;default&#8221; width=&#8221;90%&#8221; max_width=&#8221;2560px&#8221;][et_pb_column type=&#8221;4_4&#8243; _builder_version=&#8221;4.6.3&#8243; _module_preset=&#8221;default&#8221;][et_pb_text _builder_version=&#8221;4.9.4&#8243; _module_preset=&#8221;default&#8221; text_font_size=&#8221;17px&#8221; text_letter_spacing=&#8221;1px&#8221; text_orientation=&#8221;center&#8221;]<\/p>\n<h1>The Forest of Jan\u00a0Collezione<\/h1>\n<p>&nbsp;<\/p>\n<p>Visit <a href=\"https:\/\/tree-nation.com\/profile\/jan-collezione\">our forest<\/a>, your forest...<\/p>\n<p>[\/et_pb_text][et_pb_button button_url=&#8221;https:\/\/tree-nation.com\/profile\/jan-collezione&#8221; url_new_window=&#8221;on&#8221; button_text=&#8221;Visita el Bosque&#8230;&#8221; button_alignment=&#8221;center&#8221; _builder_version=&#8221;4.9.4&#8243; _module_preset=&#8221;default&#8221; custom_button=&#8221;on&#8221; button_text_size=&#8221;50px&#8221; button_bg_image=&#8221;https:\/\/www.jan-collezione.com\/wp-content\/uploads\/2021\/02\/sostenibilidad-1080&#215;566-img-web-op.jpg&#8221; button_border_width=&#8221;0px&#8221; button_border_color=&#8221;#000000&#8243; button_border_radius=&#8221;7px&#8221; button_letter_spacing=&#8221;3px&#8221; button_icon=&#8221;%%246%%&#8221; button_icon_placement=&#8221;left&#8221; animation_style=&#8221;zoom&#8221; button_text_size_tablet=&#8221;&#8221; button_text_size_phone=&#8221;31px&#8221; button_text_size_last_edited=&#8221;on|phone&#8221; button_text_shadow_style=&#8221;preset1&#8243; box_shadow_style=&#8221;preset1&#8243;][\/et_pb_button][\/et_pb_column][\/et_pb_row][\/et_pb_section][et_pb_section fb_built=&#8221;1&#8243; _builder_version=&#8221;4.6.5&#8243; _module_preset=&#8221;default&#8221; custom_margin=&#8221;0px||0px||false|false&#8221; custom_padding=&#8221;0px||0px||false|false&#8221;][et_pb_row use_custom_gutter=&#8221;on&#8221; gutter_width=&#8221;1&#8243; _builder_version=&#8221;4.6.5&#8243; _module_preset=&#8221;default&#8221; width=&#8221;50%&#8221; max_width=&#8221;2560px&#8221; module_alignment=&#8221;left&#8221;][et_pb_column type=&#8221;4_4&#8243; _builder_version=&#8221;4.6.3&#8243; _module_preset=&#8221;default&#8221;][et_pb_blurb title=&#8221; &#8221; url=&#8221;https:\/\/www.instagram.com\/jan_collezione\/&#8221; url_new_window=&#8221;on&#8221; use_icon=&#8221;on&#8221; font_icon=&#8221;%%321%%&#8221; icon_placement=&#8221;left&#8221; use_icon_font_size=&#8221;on&#8221; icon_font_size=&#8221;50px&#8221; _builder_version=&#8221;4.6.5&#8243; _module_preset=&#8221;default&#8221; body_font=&#8221;||||||||&#8221; body_letter_spacing=&#8221;1px&#8221;]<\/p>\n<h3 style=\"text-align: left;\"><\/h3>\n<h3 style=\"text-align: left;\">Follow us...<\/h3>\n<p>[\/et_pb_blurb][\/et_pb_column][\/et_pb_row][\/et_pb_section]<\/p>","protected":false},"excerpt":{"rendered":"<p>Nosotros &nbsp; En Jan Collezione ofrecemos dise\u00f1o, calidad y innovaci\u00f3n a precios razonables. Pero tambi\u00e9n somos conscientes que el avance del calentamiento global es imparable y sus consecuencias son imprevisibles. Es por ello que queremos poner nuestro granito de arena y ser sostenibles, compensar las emisiones de CO2 que generamos al hacer los env\u00edos a [&hellip;]<\/p>","protected":false},"author":1,"featured_media":0,"parent":0,"menu_order":0,"comment_status":"closed","ping_status":"closed","template":"","meta":{"_et_pb_use_builder":"on","_et_pb_old_content":"","_et_gb_content_width":"","footnotes":""},"class_list":["post-4652","page","type-page","status-publish","hentry"],"jetpack_sharing_enabled":true,"_links":{"self":[{"href":"https:\/\/www.jan-collezione.com\/en\/wp-json\/wp\/v2\/pages\/4652","targetHints":{"allow":["GET"]}}],"collection":[{"href":"https:\/\/www.jan-collezione.com\/en\/wp-json\/wp\/v2\/pages"}],"about":[{"href":"https:\/\/www.jan-collezione.com\/en\/wp-json\/wp\/v2\/types\/page"}],"author":[{"embeddable":true,"href":"https:\/\/www.jan-collezione.com\/en\/wp-json\/wp\/v2\/users\/1"}],"replies":[{"embeddable":true,"href":"https:\/\/www.jan-collezione.com\/en\/wp-json\/wp\/v2\/comments?post=4652"}],"version-history":[{"count":0,"href":"https:\/\/www.jan-collezione.com\/en\/wp-json\/wp\/v2\/pages\/4652\/revisions"}],"wp:attachment":[{"href":"https:\/\/www.jan-collezione.com\/en\/wp-json\/wp\/v2\/media?parent=4652"}],"curies":[{"name":"wp","href":"https:\/\/api.w.org\/{rel}","templated":true}]}}